{"id":1102,"date":"2018-03-06T11:27:19","date_gmt":"2018-03-06T10:27:19","guid":{"rendered":"https:\/\/woorons.com\/?page_id=1102"},"modified":"2026-08-08T11:24:57","modified_gmt":"2026-08-08T09:24:57","slug":"sobre-mi","status":"publish","type":"page","link":"https:\/\/woorons.com\/pt\/sobre-mi\/","title":{"rendered":"Sobre m\u00ed:"},"content":{"rendered":"<div style=\"height:20px\" aria-hidden=\"true\" class=\"wp-block-spacer\"><\/div>\n\n\n\n<p class=\"has-text-align-justify wp-block-paragraph\">S\u00ed. Esta vez lo hago respetando estrictamente tu condici\u00f3n: <strong>no a\u00f1ado ning\u00fan texto nuevo ni cambio ninguna palabra<\/strong>. Solo reorganizo el material para que la narraci\u00f3n tenga una secuencia m\u00e1s natural. Mantengo incluso las expresiones, repeticiones y formas originales.<\/p>\n\n\n\n<p class=\"has-text-align-justify wp-block-paragraph\"><strong>Si dese\u00e1is saber algo sobre m\u00ed<\/strong>, os dejo una <em>\u00abmini-biograf\u00eda\u00bb;<\/em> leerla si sirve de algo <em>(si os gusta el tost\u00f3n)<\/em> o si no, hacer click <a href=\"https:\/\/woorons.com\/pt\/sobre-mi\/resumen\/\">AQU\u00cd<\/a>, donde hay un resumen, (al final de la biograf\u00eda tambi\u00e9n est\u00e1 el mismo) y os ahorr\u00e1is el <em>\u00abtocho\u00bb<\/em> interminable, <em>(al que voy agregando cosas de a ratos, cuando me acuerdo de algo)<\/em><\/p>\n\n\n\n<h2 class=\"wp-block-heading\">My Life:<\/h2>\n\n\n\n<p class=\"has-text-align-justify wp-block-paragraph\"><strong>Soy inmigrante de cuna,<\/strong> nac\u00ed en una familia de inmigrantes, en un barrio de inmigrantes.<br>Hijo de <em>Baltazar<\/em>, un mec\u00e1nico textil y <em>Carmen<\/em> una ama de casa.<\/p>\n\n\n\n<p class=\"has-text-align-justify wp-block-paragraph\">Mis abuelos, <em>(los que conoc\u00ed por parte de mi madre)<\/em> fueron <em><strong>Seraf\u00edn<\/strong><\/em>, pescador y estibador, y <em><strong>Amparo<\/strong><\/em>, ama de casa.<\/p>\n\n\n\n<p class=\"has-text-align-justify wp-block-paragraph\">Somos familia de inmigrantes gallegos, originarios de <strong>Laxe,<\/strong> a <em><strong>Coru\u00f1a.<\/strong><\/em><\/p>\n\n\n\n<div style=\"height:20px\" aria-hidden=\"true\" class=\"wp-block-spacer\"><\/div>\n\n\n\n<p class=\"has-text-align-justify wp-block-paragraph\">Cuando ten\u00eda cuatro a\u00f1os, mi abuelo <em><strong>Seraf\u00edn<\/strong><\/em> me dijo: &#8211;<em> \u00abMira o meu fillo, o teu pa\u00eds, \u00e9 o lugar que che d\u00e1 para comer\u00bb ***Traducido: \u00abMira mi hijo, tu patria es el lugar que te da de comer\u00bb<\/em><\/p>\n\n\n\n<p class=\"has-text-align-justify wp-block-paragraph\"><br>No recuerdo por qu\u00e9 me dijo eso, no lo s\u00e9, pero cr\u00e9anme que <strong>ahora si lo entiendo.<\/strong><\/p>\n\n\n\n<p class=\"has-text-align-justify wp-block-paragraph\">As\u00ed que, como dicen, siempre tuve un \u00abproblema de actitud\u00bb porque esa cosa de \u00abpatria\u00bb, (vaya uno a saber d\u00f3nde est\u00e1) Y otro de \u00abaptitud\u00bb, y ser\u00e1 por eso que solo, y con los l\u00e1pices y los papeles, es que me encuentro verdaderamente a gusto.<\/p>\n\n\n\n<p class=\"has-text-align-justify wp-block-paragraph\">A mis abuelos por parte de mi padre nunca los conoc\u00ed, pero me contaron que mi abuelo <em>F\u00e9lix<\/em>, fue expulsado de la escuela por mal comportamiento. Aun as\u00ed, con el tiempo y la lectura <em>(y quiz\u00e1s el arrepentimiento)<\/em> termino siendo un intelectual, al que le gustaba cultivar flores, trabajaba en un matadero y asist\u00eda a las reuniones de intelectuales de El Ateneo Libre.<\/p>\n\n\n\n<p class=\"has-text-align-justify wp-block-paragraph\"><em>Tanto a <strong>Seraf\u00edn<\/strong> como a <strong>F\u00e9lix<\/strong> los un\u00eda una cosa: no aceptar imposiciones, ni tomar como absoluto lo establecido.<\/em><\/p>\n\n\n\n<h2 class=\"wp-block-heading\">Desde muy temprana edad sent\u00ed vocaci\u00f3n por el dibujo.<\/h2>\n\n\n\n<p class=\"has-text-align-justify wp-block-paragraph\">Un cuaderno de hojas sin l\u00edneas me acompa\u00f1aba casi todo el tiempo. <\/p>\n\n\n\n<p class=\"has-text-align-justify wp-block-paragraph\">Dibujaba mi entorno, a mi familia, a mi colecci\u00f3n de animales de la selva y a mis personajes favoritos del cine, la TV, y de los comics.<\/p>\n\n\n\n<p class=\"has-text-align-justify wp-block-paragraph\">Me gustaban mucho las series de televisi\u00f3n, como <strong>El Zorro<\/strong> con   Guy Williams, Batman <strong>con<\/strong> Adam West, Flipper, Aventuras en el mar, <strong>o<\/strong> Tierra de gigantes, <strong>sin olvidar a<\/strong> Ultra Seven y Meteoro.<\/p>\n\n\n\n<p class=\"has-text-align-justify wp-block-paragraph\">Las pel\u00edculas tambi\u00e9n, <strong>Abbott y Costello, Laurel y Hardy  y dentro del g\u00e9nero de aventuras mis preferidas eran las de piratas; as\u00ed me convert\u00ed en admirador del<\/strong> Robin Hood de Errol Flynn o animadas de la casa <strong>Disney<\/strong>, como Robin Hood (otra vez) y los <strong>Aristogatos. <\/strong><\/p>\n\n\n\n<p class=\"has-text-align-justify wp-block-paragraph\"><strong>Y menci\u00f3n especial para Tarz\u00e1n, con Johnny Weissm\u00fcller.<\/strong><\/p>\n\n\n\n<p class=\"has-text-align-justify wp-block-paragraph\">Adem\u00e1s de estar horas dibujando, pasaba otras tantas leyendo comics. <strong>Batman, Linterna verde, Superman, Patoruzito, Isidorito, las Aventuras de Isidoro y Pato Donald.<\/strong><\/p>\n\n\n\n<p class=\"has-text-align-justify wp-block-paragraph\">Un buen d\u00eda, no recuerdo cuando, todos aquellos dibujos de infancia y adolescencia, dejaron su existencia en una gran fogata. Cosa que he tomado casi como de costumbre y a\u00fan disfruto haci\u00e9ndolo de vez en cuando.<\/p>\n\n\n\n<h3 class=\"wp-block-heading\">Y s\u00ed&#8230; So\u00f1aba con ser uno de los dibujantes de <strong>Disney.<\/strong><\/h3>\n\n\n\n<p class=\"has-text-align-justify wp-block-paragraph\">Ser\u00e1 de tanto cargar con banderas, besarlas, jurarlas y haber sido obligado a hacerles todo tipo de reverencias, por parte de la dictadura que me toco vivir, patria, estado, naci\u00f3n, himno, escudo y bandera, son como entes extra\u00f1os para m\u00ed.<\/p>\n\n\n\n<p class=\"has-text-align-justify wp-block-paragraph\">Son como cuchillos que cortan carne para dividirla y hacernos creer que, por estar bajo un s\u00edmbolo u otro somos mejores que&#8230;<\/p>\n\n\n\n<p class=\"has-text-align-justify wp-block-paragraph\">As\u00ed, que mi relaci\u00f3n con el \u00aborden establecido\u00bb desde muy temprana edad fue \u00abconflictivo\u00bb.<\/p>\n\n\n\n<p class=\"wp-block-paragraph\">Por eso, el dibujar me trajo mis primeros problemas ya en el colegio, a mis nueve a\u00f1os.<\/p>\n\n\n\n<p class=\"has-text-align-justify wp-block-paragraph\">En un par de oportunidades, llamaron a mis padres por haber hecho alg\u00fan que otro \u00abdibujito inapropiado\u00bb, con los tiempos que se viv\u00edan. (Hace poco me contaba mi madre, que fueron unas cuantas m\u00e1s que dos)<\/p>\n\n\n\n<p class=\"has-text-align-justify wp-block-paragraph\">Es que hab\u00eda comenzado el r\u00e9gimen militar en el pa\u00eds y mis \u00abmagistrales ilustraciones\u00bb, podr\u00edan poner en aprietos a mi colegio y a mi familia, as\u00ed que tuve que borrar.<\/p>\n\n\n\n<h2 class=\"wp-block-heading\">Por fin lleg\u00f3 Telma.<\/h2>\n\n\n\n<p class=\"has-text-align-justify wp-block-paragraph\">Con el tiempo, (despu\u00e9s de mucho rabiar) fui d\u00e1ndome cuenta de mis limitaciones t\u00e9cnicas, entonces ped\u00ed a mis padres que me enviaran a aprender dibujo.<\/p>\n\n\n\n<p class=\"has-text-align-justify wp-block-paragraph\">Comenc\u00e9 a estudiar <strong>dibujo y pintura cl\u00e1sica<\/strong> (acad\u00e9mica) a la edad de once a\u00f1os con la Pintora y Escultora Telma Paroli de Acerboni, con la que permanec\u00ed siete a\u00f1os, y quiz\u00e1s los mejores de mi vida.<\/p>\n\n\n\n<p class=\"wp-block-paragraph\">Telma aprendi\u00f3 dibujo, pintura y escultura, con maestros continuadores de la <a href=\"https:\/\/es.wikipedia.org\/wiki\/Pintura_flamenca\">Escuela Flamenca<\/a><\/p>\n\n\n\n<p class=\"wp-block-paragraph\">Oleo, carboncillo y l\u00e1piz de grafito, fueron mis herramientas.<\/p>\n\n\n\n<p class=\"wp-block-paragraph\">Asist\u00eda a clases los mi\u00e9rcoles, a las cinco de la tarde.<\/p>\n\n\n\n<p class=\"has-text-align-justify wp-block-paragraph\">En su casa, donde un garaje impregnado de olor a \u00f3leo y trementina hac\u00eda de taller.<\/p>\n\n\n\n<p class=\"wp-block-paragraph\">Con <strong>Telma<\/strong> <strong>fue con quien aprend\u00ed todo lo que s\u00e9<\/strong> y con el tiempo, <em>comprend\u00ed, consegu\u00ed entender, esa forma de ense\u00f1anza \u00abentre l\u00edneas\u00bb, tan especial que ella ten\u00eda.<\/em><\/p>\n\n\n\n<div style=\"height:50px\" aria-hidden=\"true\" class=\"wp-block-spacer\"><\/div>\n\n\n\n<p class=\"wp-block-paragraph\"><em><strong>Si existiera la posibilidad de volver a vivir cinco minutos de nuestra vida pasada, eligir\u00eda cinco minutos m\u00e1s con ella, en su taller.<\/strong><\/em><\/p>\n\n\n\n<div style=\"height:50px\" aria-hidden=\"true\" class=\"wp-block-spacer\"><\/div>\n\n\n\n<p class=\"has-text-align-justify wp-block-paragraph\">Tiempo despu\u00e9s, fui becado al Circulo de Bellas Artes donde ense\u00f1aba un arrogante, engre\u00eddo y renombrado \u00abartista\u00bb (que de su nombre ni quiero acordarme).<\/p>\n\n\n\n<p class=\"has-text-align-justify wp-block-paragraph\">Con \u00e9l conoc\u00ed la parte m\u00e1s miserable y mezquina de esta profesi\u00f3n.<\/p>\n\n\n\n<p class=\"has-text-align-justify wp-block-paragraph\">Y pude presenciar y aprender, todo lo que <em>no se debe hacer, o ser, en el dibujo y la pintura.<\/em><\/p>\n\n\n\n<div style=\"height:20px\" aria-hidden=\"true\" class=\"wp-block-spacer\"><\/div>\n\n\n\n<p class=\"has-text-align-justify wp-block-paragraph\">So\u00f1aba con ser pintor, viv\u00eda para ello; fue mi paso por este lugar, que hundi\u00f3 para siempre mis esperanzas de serlo.<\/p>\n\n\n\n<p class=\"has-text-align-justify wp-block-paragraph\">No me gust\u00f3 lo que vi: <em>Rematar un metro de pared al mejor postor, para exponer junto \u00abal maestro\u00bb o reverenciar a quien fuera y a cualquier costa, para quiz\u00e1s as\u00ed conseguir favores, o ir a exposiciones m\u00e1s que mediocres, a aplaudir por inter\u00e9s y \u00abcontactos\u00bb al \u00abartista\u00bb<\/em><\/p>\n\n\n\n<p class=\"wp-block-paragraph\">Esa cosa que laman \u00abrelacionarse\u00bb<\/p>\n\n\n\n<p class=\"wp-block-paragraph\"><em><strong>Lejos, muy lejos quedaba aquel garaje, en que hab\u00eda sido tan feliz&#8230;<\/strong><\/em><\/p>\n\n\n\n<div style=\"height:30px\" aria-hidden=\"true\" class=\"wp-block-spacer\"><\/div>\n\n\n\n<figure class=\"wp-block-image aligncenter size-full\"><img data-recalc-dims=\"1\" loading=\"lazy\" decoding=\"async\" width=\"855\" height=\"771\" data-attachment-id=\"2596\" data-permalink=\"https:\/\/woorons.com\/pt\/sobre-mi\/casa-de-telma-paroli-de-acerboni-woorons\/\" data-orig-file=\"https:\/\/i0.wp.com\/woorons.com\/wp-content\/uploads\/2021\/11\/casa-de-telma-paroli-de-acerboni-woorons.jpg?fit=855%2C771&amp;ssl=1\" data-orig-size=\"855,771\" data-comments-opened=\"1\" data-image-meta=\"{&quot;aperture&quot;:&quot;0&quot;,&quot;credit&quot;:&quot;&quot;,&quot;camera&quot;:&quot;&quot;,&quot;caption&quot;:&quot;&quot;,&quot;created_timestamp&quot;:&quot;0&quot;,&quot;copyright&quot;:&quot;&quot;,&quot;focal_length&quot;:&quot;0&quot;,&quot;iso&quot;:&quot;0&quot;,&quot;shutter_speed&quot;:&quot;0&quot;,&quot;title&quot;:&quot;&quot;,&quot;orientation&quot;:&quot;1&quot;}\" data-image-title=\"casa-de-telma-paroli-de-acerboni-woorons\" data-image-description=\"&lt;p&gt;Taller de Telma Paroli de Acerboni&lt;\/p&gt;\" data-image-caption=\"&lt;p&gt;Taller de Telma Paroli de Acerboni&lt;\/p&gt;\" data-large-file=\"https:\/\/i0.wp.com\/woorons.com\/wp-content\/uploads\/2021\/11\/casa-de-telma-paroli-de-acerboni-woorons.jpg?fit=855%2C771&amp;ssl=1\" src=\"https:\/\/i0.wp.com\/woorons.com\/wp-content\/uploads\/2021\/11\/casa-de-telma-paroli-de-acerboni-woorons.jpg?resize=855%2C771&#038;ssl=1\" alt=\"&quot;Taller de Telma Paroli de Acerboni&quot;\" class=\"wp-image-2596\"\/><\/figure>\n\n\n\n<p class=\"wp-block-paragraph\">Casa de <strong>Telma Paroli de Acerboni.<\/strong> Abajo a la derecha, junto a la escalera, la puerta del garaje que hac\u00eda de taller.<\/p>\n\n\n\n<h4 class=\"wp-block-heading\">21de Diciembre de 1992, llegaron las caricaturas.<\/h4>\n\n\n\n<p class=\"wp-block-paragraph\"><strong>Fue en el instituto, cuando un buen d\u00eda, se me ocurri\u00f3 hacer mi primer caricatura a un profesor.<\/strong> Con un bol\u00edgrafo BIC. Tendr\u00eda unos 16 a\u00f1os, cuando eso.<\/p>\n\n\n\n<p class=\"has-text-align-justify wp-block-paragraph\">Con las caricaturas de alguno de mis compa\u00f1eros, comenzaron <em>las carreras de fondo y de velocidad,<\/em> porque mis interpretaciones de su persona, no eran muy de su agrado.<\/p>\n\n\n\n<p class=\"has-text-align-justify wp-block-paragraph\">Pero la ma\u00f1ana del 21 de diciembre de 1992, hice en una feria, mi primer caricatura cobrando.<\/p>\n\n\n\n<p class=\"wp-block-paragraph\">A mis 16, hab\u00eda visto una vez a un dibujante de la calle de apellido <strong>Cabrera,<\/strong> hacerlas de perfil, con unas l\u00edneas de tinta perfectas, r\u00e1pidas, muy graciosas, y me dije- <em>\u00abQu\u00e9 bueno ser\u00eda, hacer lo que este hombre hace\u00bb<\/em><\/p>\n\n\n\n<div style=\"height:20px\" aria-hidden=\"true\" class=\"wp-block-spacer\"><\/div>\n\n\n\n<p class=\"has-text-align-justify wp-block-paragraph\">Muchos a\u00f1os despu\u00e9s, por circunstancias fortuitas, ah\u00ed me encontraba, muy nervioso y sudando, con mi primer dibujo al momento y rodeado de gente mirando lo que hac\u00eda.<\/p>\n\n\n\n<p class=\"wp-block-paragraph\"><strong>No tengo ni idea si fui muy lento o muy r\u00e1pido, ni recuerdo como qued\u00f3.<\/strong> Solo s\u00e9 que hice a una chica, y como lo hab\u00eda visto hacer antes a <strong>Cabrera<\/strong>, de perfil.<\/p>\n\n\n\n<p class=\"has-text-align-justify wp-block-paragraph\">Poco tiempo m\u00e1s tarde, comenc\u00e9 a dibujarlas a color, y trabajando junto a <strong>\u00e9l<\/strong> y al pintor <strong>Milton da Luz.<\/strong> Ah\u00ed comenz\u00f3 mi carrera como dibujante callejero. Como dice Lao-Ts\u00e9 <em>\u00abUn viaje de mil millas comienza con un primer paso\u00bb<\/em> Y as\u00ed fue, yo comenc\u00e9 mi largo viaje, y mi madre sus viajes al psic\u00f3logo, porque ten\u00eda un hijo \u00abbohemio\u00bb<\/p>\n\n\n\n<p class=\"has-text-align-justify wp-block-paragraph\">Poseo montones de historias y de an\u00e9cdotas, de lo que he vivido con las caricaturas. Desde ese entonces hasta hoy, a\u00fan contin\u00fao con ellas, decenas de miles, cientos de miles? No lo s\u00e9.<\/p>\n\n\n\n<p class=\"has-text-align-justify wp-block-paragraph\">De **Cabrera, **no he vuelto a saber nada. He buscado sus dibujos por internet y a pesar de que tambi\u00e9n habr\u00e1 dibujado <strong>decenas o cientos de miles de personas<\/strong>, no existe un solo registro gr\u00e1fico en la red. <strong>Nadie ha subido una sola fotograf\u00eda de \u00e9l o de su trabajo<\/strong>, a pesar de todas las sonrisas que consigui\u00f3, de toda la gente que lo conoci\u00f3, y al final parece que se esfum\u00f3 sin dejar huella. Cosa que cada vez que lo busco, me produce una profunda tristeza.<\/p>\n\n\n\n<h2 class=\"wp-block-heading\"><strong>UK<\/strong><\/h2>\n\n\n\n<p class=\"has-text-align-justify wp-block-paragraph\"><strong>2013 &#8211;<\/strong> Estaba paseando por una calle en Weymounth, Dorset, donde viv\u00ed un tiempo, compr\u00e9 una caja de l\u00e1pices de grado, con los que m\u00e1s tarde har\u00eda algunos trabajos hiperrealistas, como Telma me ense\u00f1\u00f3.<\/p>\n\n\n\n<p class=\"has-text-align-justify wp-block-paragraph\">(Por momentos, aun hoy, me surgen esos deseos casi irrefrenables de ponerme a pintar, pero los reprimo.<\/p>\n\n\n\n<p class=\"wp-block-paragraph\">Estudi\u00e9 Dise\u00f1o gr\u00e1fico con <strong>Emilio Arroyo Hurtado,<\/strong> quien es uno de esos escasos y grandes maestros, que ense\u00f1an sin secretos ni miserias, dif\u00edciles de encontrar, como <strong>Telma.<\/strong><\/p>\n\n\n\n<figure class=\"wp-block-image aligncenter size-full\"><img data-recalc-dims=\"1\" loading=\"lazy\" decoding=\"async\" width=\"1824\" height=\"1308\" data-attachment-id=\"1912\" data-permalink=\"https:\/\/woorons.com\/pt\/celeste-y-gala-final\/\" data-orig-file=\"https:\/\/i0.wp.com\/woorons.com\/wp-content\/uploads\/2020\/07\/celeste-y-gala-final.jpg?fit=1824%2C1308&amp;ssl=1\" data-orig-size=\"1824,1308\" data-comments-opened=\"1\" data-image-meta=\"{&quot;aperture&quot;:&quot;2.4&quot;,&quot;credit&quot;:&quot;&quot;,&quot;camera&quot;:&quot;Lumia 535&quot;,&quot;caption&quot;:&quot;&quot;,&quot;created_timestamp&quot;:&quot;1553767650&quot;,&quot;copyright&quot;:&quot;&quot;,&quot;focal_length&quot;:&quot;0&quot;,&quot;iso&quot;:&quot;400&quot;,&quot;shutter_speed&quot;:&quot;0.02&quot;,&quot;title&quot;:&quot;&quot;,&quot;orientation&quot;:&quot;1&quot;,&quot;latitude&quot;:&quot;38.605058055556&quot;,&quot;longitude&quot;:&quot;-0.049728611111111&quot;}\" data-image-title=\"Celeste y Gala &amp;#8211; Dibujo\" data-image-description=\"&lt;p&gt;\u00abDibujo a l\u00e1piz de grafito de una mujer con un gato\u00bb&lt;\/p&gt;\" data-image-caption=\"&lt;p&gt;Celeste y Gala &amp;#8211; Dibujo&lt;\/p&gt;\" data-large-file=\"https:\/\/i0.wp.com\/woorons.com\/wp-content\/uploads\/2020\/07\/celeste-y-gala-final.jpg?fit=1024%2C734&amp;ssl=1\" src=\"https:\/\/i0.wp.com\/woorons.com\/wp-content\/uploads\/2020\/07\/celeste-y-gala-final.jpg?resize=1824%2C1308&#038;ssl=1\" alt=\"&quot;Dibujo a l\u00e1piz de grafito de una mujer con un gato&quot;\" class=\"wp-image-1912\"\/><figcaption class=\"wp-element-caption\">Celeste y Gala &#8211; Dibujo<\/figcaption><\/figure>\n\n\n\n<h2 class=\"wp-block-heading\"><strong>RESUMEN:<\/strong><\/h2>\n\n\n\n<p class=\"wp-block-paragraph\"><em><strong>Me dedico a la ilustraci\u00f3n tradicional y digital,<\/strong> dibujo y pintura de Caricaturas, Retratos, Fan Art, Comic, y Concept Art<\/em><\/p>\n\n\n\n<div style=\"height:20px\" aria-hidden=\"true\" class=\"wp-block-spacer\"><\/div>\n\n\n\n<p class=\"has-text-align-justify wp-block-paragraph\">Hace tiempo compr\u00e9 un curso de t\u00e9cnica de acuarela.<\/p>\n\n\n\n<p class=\"has-text-align-justify wp-block-paragraph\">Eran seis videos.<\/p>\n\n\n\n<p class=\"has-text-align-justify wp-block-paragraph\">Los primeros dos, eran del profesor contando sus maravillosas virtudes y logros.<\/p>\n\n\n\n<p class=\"has-text-align-justify wp-block-paragraph\">Abandon\u00e9. Nunca hice el curso.<\/p>\n\n\n\n<div style=\"height:20px\" aria-hidden=\"true\" class=\"wp-block-spacer\"><\/div>\n\n\n\n<p class=\"wp-block-paragraph\">As\u00ed que mi resumen es m\u00e1s que suficiente.<\/p>\n\n\n\n<div style=\"height:150px\" aria-hidden=\"true\" class=\"wp-block-spacer\"><\/div>","protected":false},"excerpt":{"rendered":"<p>S\u00ed. Esta vez lo hago respetando estrictamente tu condici\u00f3n: no a\u00f1ado ning\u00fan texto nuevo ni cambio ninguna palabra. Solo reorganizo el material para que la narraci\u00f3n tenga una secuencia m\u00e1s natural. Mantengo incluso las expresiones, repeticiones y formas originales. Si dese\u00e1is saber algo sobre m\u00ed, os dejo una \u00abmini-biograf\u00eda\u00bb; leerla si sirve de algo (si [&hellip;]<\/p>","protected":false},"author":21194217,"featured_media":0,"parent":0,"menu_order":0,"comment_status":"closed","ping_status":"closed","template":"","meta":{"_coblocks_attr":"","_coblocks_dimensions":"","_coblocks_responsive_height":"","_coblocks_accordion_ie_support":"","_wpcom_ai_launchpad_about_page":false,"_wpcom_ai_launchpad_gallery_page":false,"_wpcom_ai_launchpad_contact_page":false,"_wpcom_ai_launchpad_events_page":false,"_wpcom_ai_launchpad_video_page":false,"_wpcom_ai_launchpad_portfolio_piece":false,"footnotes":"","big_sky_generated":false},"class_list":["post-1102","page","type-page","status-publish","hentry"],"yoast_head":"<!-- This site is optimized with the Yoast SEO plugin v28.4 - https:\/\/yoast.com\/product\/yoast-seo-wordpress\/ -->\n<title>Sobre m\u00ed: - WO Orons Art<\/title>\n<meta name=\"robots\" content=\"index, follow, max-snippet:-1, max-image-preview:large, max-video-preview:-1\" \/>\n<link rel=\"canonical\" href=\"https:\/\/woorons.com\/pt\/sobre-mi\/\" \/>\n<meta property=\"og:locale\" content=\"pt_PT\" \/>\n<meta property=\"og:type\" content=\"article\" \/>\n<meta property=\"og:title\" content=\"Sobre m\u00ed: - WO Orons Art\" \/>\n<meta property=\"og:description\" content=\"S\u00ed. Esta vez lo hago respetando estrictamente tu condici\u00f3n: no a\u00f1ado ning\u00fan texto nuevo ni cambio ninguna palabra. Solo reorganizo el material para que la narraci\u00f3n tenga una secuencia m\u00e1s natural. Mantengo incluso las expresiones, repeticiones y formas originales. Si dese\u00e1is saber algo sobre m\u00ed, os dejo una \u00abmini-biograf\u00eda\u00bb; leerla si sirve de algo (si [&hellip;]\" \/>\n<meta property=\"og:url\" content=\"https:\/\/woorons.com\/pt\/sobre-mi\/\" \/>\n<meta property=\"og:site_name\" content=\"WO Orons Art\" \/>\n<meta property=\"article:modified_time\" content=\"2026-08-08T09:24:57+00:00\" \/>\n<meta property=\"og:image\" content=\"https:\/\/woorons.com\/wp-content\/uploads\/2021\/11\/casa-de-telma-paroli-de-acerboni-woorons.jpg\" \/>\n<meta name=\"twitter:card\" content=\"summary_large_image\" \/>\n<meta name=\"twitter:label1\" content=\"Tempo estimado de leitura\" \/>\n\t<meta name=\"twitter:data1\" content=\"8 minutos\" \/>\n<script type=\"application\/ld+json\" class=\"yoast-schema-graph\">{\"@context\":\"https:\\\/\\\/schema.org\",\"@graph\":[{\"@type\":\"WebPage\",\"@id\":\"https:\\\/\\\/woorons.com\\\/sobre-mi\\\/\",\"url\":\"https:\\\/\\\/woorons.com\\\/sobre-mi\\\/\",\"name\":\"Sobre m\u00ed: - WO Orons Art\",\"isPartOf\":{\"@id\":\"https:\\\/\\\/woorons.com\\\/#website\"},\"primaryImageOfPage\":{\"@id\":\"https:\\\/\\\/woorons.com\\\/sobre-mi\\\/#primaryimage\"},\"image\":{\"@id\":\"https:\\\/\\\/woorons.com\\\/sobre-mi\\\/#primaryimage\"},\"thumbnailUrl\":\"https:\\\/\\\/woorons.com\\\/wp-content\\\/uploads\\\/2021\\\/11\\\/casa-de-telma-paroli-de-acerboni-woorons.jpg\",\"datePublished\":\"2018-03-06T10:27:19+00:00\",\"dateModified\":\"2026-08-08T09:24:57+00:00\",\"breadcrumb\":{\"@id\":\"https:\\\/\\\/woorons.com\\\/sobre-mi\\\/#breadcrumb\"},\"inLanguage\":\"pt-PT\",\"potentialAction\":[{\"@type\":\"ReadAction\",\"target\":[\"https:\\\/\\\/woorons.com\\\/sobre-mi\\\/\"]}]},{\"@type\":\"ImageObject\",\"inLanguage\":\"pt-PT\",\"@id\":\"https:\\\/\\\/woorons.com\\\/sobre-mi\\\/#primaryimage\",\"url\":\"https:\\\/\\\/woorons.com\\\/wp-content\\\/uploads\\\/2021\\\/11\\\/casa-de-telma-paroli-de-acerboni-woorons.jpg\",\"contentUrl\":\"https:\\\/\\\/woorons.com\\\/wp-content\\\/uploads\\\/2021\\\/11\\\/casa-de-telma-paroli-de-acerboni-woorons.jpg\"},{\"@type\":\"BreadcrumbList\",\"@id\":\"https:\\\/\\\/woorons.com\\\/sobre-mi\\\/#breadcrumb\",\"itemListElement\":[{\"@type\":\"ListItem\",\"position\":1,\"name\":\"Portada\",\"item\":\"https:\\\/\\\/woorons.com\\\/\"},{\"@type\":\"ListItem\",\"position\":2,\"name\":\"Sobre m\u00ed:\"}]},{\"@type\":\"WebSite\",\"@id\":\"https:\\\/\\\/woorons.com\\\/#website\",\"url\":\"https:\\\/\\\/woorons.com\\\/\",\"name\":\"WO Orons Art\",\"description\":\"&quot;Caricaturas, Retratos, Fan Art, Ilustraci\u00f3n&quot;\",\"publisher\":{\"@id\":\"https:\\\/\\\/woorons.com\\\/#\\\/schema\\\/person\\\/85b4229ce0694a31b5f128dc047161e8\"},\"potentialAction\":[{\"@type\":\"SearchAction\",\"target\":{\"@type\":\"EntryPoint\",\"urlTemplate\":\"https:\\\/\\\/woorons.com\\\/?s={search_term_string}\"},\"query-input\":{\"@type\":\"PropertyValueSpecification\",\"valueRequired\":true,\"valueName\":\"search_term_string\"}}],\"inLanguage\":\"pt-PT\"},{\"@type\":[\"Person\",\"Organization\"],\"@id\":\"https:\\\/\\\/woorons.com\\\/#\\\/schema\\\/person\\\/85b4229ce0694a31b5f128dc047161e8\",\"name\":\"Wo Orons\",\"image\":{\"@type\":\"ImageObject\",\"inLanguage\":\"pt-PT\",\"@id\":\"https:\\\/\\\/i0.wp.com\\\/woorons.com\\\/wp-content\\\/uploads\\\/2025\\\/03\\\/logotipo-woorons.jpg?fit=595%2C516&ssl=1\",\"url\":\"https:\\\/\\\/i0.wp.com\\\/woorons.com\\\/wp-content\\\/uploads\\\/2025\\\/03\\\/logotipo-woorons.jpg?fit=595%2C516&ssl=1\",\"contentUrl\":\"https:\\\/\\\/i0.wp.com\\\/woorons.com\\\/wp-content\\\/uploads\\\/2025\\\/03\\\/logotipo-woorons.jpg?fit=595%2C516&ssl=1\",\"width\":595,\"height\":516,\"caption\":\"Wo Orons\"},\"logo\":{\"@id\":\"https:\\\/\\\/i0.wp.com\\\/woorons.com\\\/wp-content\\\/uploads\\\/2025\\\/03\\\/logotipo-woorons.jpg?fit=595%2C516&ssl=1\"},\"sameAs\":[\"http:\\\/\\\/orons-art.wordpress.com\"]}]}<\/script>\n<!-- \/ Yoast SEO plugin. -->","yoast_head_json":{"title":"Sobre m\u00ed: - WO Orons Art","robots":{"index":"index","follow":"follow","max-snippet":"max-snippet:-1","max-image-preview":"max-image-preview:large","max-video-preview":"max-video-preview:-1"},"canonical":"https:\/\/woorons.com\/pt\/sobre-mi\/","og_locale":"pt_PT","og_type":"article","og_title":"Sobre m\u00ed: - WO Orons Art","og_description":"S\u00ed. Esta vez lo hago respetando estrictamente tu condici\u00f3n: no a\u00f1ado ning\u00fan texto nuevo ni cambio ninguna palabra. Solo reorganizo el material para que la narraci\u00f3n tenga una secuencia m\u00e1s natural. Mantengo incluso las expresiones, repeticiones y formas originales. Si dese\u00e1is saber algo sobre m\u00ed, os dejo una \u00abmini-biograf\u00eda\u00bb; leerla si sirve de algo (si [&hellip;]","og_url":"https:\/\/woorons.com\/pt\/sobre-mi\/","og_site_name":"WO Orons Art","article_modified_time":"2026-08-08T09:24:57+00:00","og_image":[{"url":"https:\/\/woorons.com\/wp-content\/uploads\/2021\/11\/casa-de-telma-paroli-de-acerboni-woorons.jpg","type":"","width":"","height":""}],"twitter_card":"summary_large_image","twitter_misc":{"Tempo estimado de leitura":"8 minutos"},"schema":{"@context":"https:\/\/schema.org","@graph":[{"@type":"WebPage","@id":"https:\/\/woorons.com\/sobre-mi\/","url":"https:\/\/woorons.com\/sobre-mi\/","name":"Sobre m\u00ed: - WO Orons Art","isPartOf":{"@id":"https:\/\/woorons.com\/#website"},"primaryImageOfPage":{"@id":"https:\/\/woorons.com\/sobre-mi\/#primaryimage"},"image":{"@id":"https:\/\/woorons.com\/sobre-mi\/#primaryimage"},"thumbnailUrl":"https:\/\/woorons.com\/wp-content\/uploads\/2021\/11\/casa-de-telma-paroli-de-acerboni-woorons.jpg","datePublished":"2018-03-06T10:27:19+00:00","dateModified":"2026-08-08T09:24:57+00:00","breadcrumb":{"@id":"https:\/\/woorons.com\/sobre-mi\/#breadcrumb"},"inLanguage":"pt-PT","potentialAction":[{"@type":"ReadAction","target":["https:\/\/woorons.com\/sobre-mi\/"]}]},{"@type":"ImageObject","inLanguage":"pt-PT","@id":"https:\/\/woorons.com\/sobre-mi\/#primaryimage","url":"https:\/\/woorons.com\/wp-content\/uploads\/2021\/11\/casa-de-telma-paroli-de-acerboni-woorons.jpg","contentUrl":"https:\/\/woorons.com\/wp-content\/uploads\/2021\/11\/casa-de-telma-paroli-de-acerboni-woorons.jpg"},{"@type":"BreadcrumbList","@id":"https:\/\/woorons.com\/sobre-mi\/#breadcrumb","itemListElement":[{"@type":"ListItem","position":1,"name":"Portada","item":"https:\/\/woorons.com\/"},{"@type":"ListItem","position":2,"name":"Sobre m\u00ed:"}]},{"@type":"WebSite","@id":"https:\/\/woorons.com\/#website","url":"https:\/\/woorons.com\/","name":"WO Orons Art","description":"&quot;Caricaturas, Retratos, Fan Art, Ilustraci\u00f3n&quot;","publisher":{"@id":"https:\/\/woorons.com\/#\/schema\/person\/85b4229ce0694a31b5f128dc047161e8"},"potentialAction":[{"@type":"SearchAction","target":{"@type":"EntryPoint","urlTemplate":"https:\/\/woorons.com\/?s={search_term_string}"},"query-input":{"@type":"PropertyValueSpecification","valueRequired":true,"valueName":"search_term_string"}}],"inLanguage":"pt-PT"},{"@type":["Person","Organization"],"@id":"https:\/\/woorons.com\/#\/schema\/person\/85b4229ce0694a31b5f128dc047161e8","name":"Wo Orons","image":{"@type":"ImageObject","inLanguage":"pt-PT","@id":"https:\/\/i0.wp.com\/woorons.com\/wp-content\/uploads\/2025\/03\/logotipo-woorons.jpg?fit=595%2C516&ssl=1","url":"https:\/\/i0.wp.com\/woorons.com\/wp-content\/uploads\/2025\/03\/logotipo-woorons.jpg?fit=595%2C516&ssl=1","contentUrl":"https:\/\/i0.wp.com\/woorons.com\/wp-content\/uploads\/2025\/03\/logotipo-woorons.jpg?fit=595%2C516&ssl=1","width":595,"height":516,"caption":"Wo Orons"},"logo":{"@id":"https:\/\/i0.wp.com\/woorons.com\/wp-content\/uploads\/2025\/03\/logotipo-woorons.jpg?fit=595%2C516&ssl=1"},"sameAs":["http:\/\/orons-art.wordpress.com"]}]}},"jetpack_likes_enabled":true,"jetpack_sharing_enabled":true,"jetpack_shortlink":"https:\/\/wp.me\/P43FXj-hM","jetpack-related-posts":[],"_links":{"self":[{"href":"https:\/\/woorons.com\/pt\/wp-json\/wp\/v2\/pages\/1102","targetHints":{"allow":["GET"]}}],"collection":[{"href":"https:\/\/woorons.com\/pt\/wp-json\/wp\/v2\/pages"}],"about":[{"href":"https:\/\/woorons.com\/pt\/wp-json\/wp\/v2\/types\/page"}],"author":[{"embeddable":true,"href":"https:\/\/woorons.com\/pt\/wp-json\/wp\/v2\/users\/21194217"}],"replies":[{"embeddable":true,"href":"https:\/\/woorons.com\/pt\/wp-json\/wp\/v2\/comments?post=1102"}],"version-history":[{"count":42,"href":"https:\/\/woorons.com\/pt\/wp-json\/wp\/v2\/pages\/1102\/revisions"}],"predecessor-version":[{"id":18532,"href":"https:\/\/woorons.com\/pt\/wp-json\/wp\/v2\/pages\/1102\/revisions\/18532"}],"wp:attachment":[{"href":"https:\/\/woorons.com\/pt\/wp-json\/wp\/v2\/media?parent=1102"}],"curies":[{"name":"wp","href":"https:\/\/api.w.org\/{rel}","templated":true}]}}