{"id":12915,"date":"2025-09-08T10:06:15","date_gmt":"2025-09-08T08:06:15","guid":{"rendered":"https:\/\/woorons.com\/?post_type=jetpack-portfolio&#038;p=12915"},"modified":"2025-09-18T09:01:08","modified_gmt":"2025-09-18T07:01:08","slug":"galeria-de-arte","status":"publish","type":"jetpack-portfolio","link":"https:\/\/woorons.com\/nn\/portfolio\/galeria-de-arte\/","title":{"rendered":"GALER\u00cdA DE ARTE"},"content":{"rendered":"\n<h2 class=\"wp-block-heading\">Galer\u00eda de Arte en Caricatura: Obras Maestras del Dibujo y la Pintura<\/h2>\n\n\n\n<p class=\"has-text-align-justify has-background wp-block-paragraph\" style=\"border-width:2px;background-color:#45456600\">\u201cDescubre las grandes obras maestras de la historia reinterpretadas en caricatura. Una colecci\u00f3n \u00fanica donde el arte cl\u00e1sico y el humor gr\u00e1fico se unen para dar vida a pinturas y dibujos inolvidables en un estilo fresco, creativo y divertido.\u201d<\/p>\n\n\n\n<p class=\"has-text-align-justify wp-block-paragraph\">\u201cNuestra galer\u00eda de caricaturas de arte re\u00fane ilustraciones que homenajean a grandes maestros como Picasso, Dal\u00ed o Van Gogh. Cada caricatura es un tributo divertido que mantiene la esencia del original pero con un toque humor\u00edstico y moderno. Ideal para amantes del arte, coleccionistas e interesados en ilustraci\u00f3n digital creativa.\u201d<\/p>\n\n\n\n<hr class=\"wp-block-separator has-alpha-channel-opacity\" \/>\n\n\n\n<h2 class=\"wp-block-heading\"><em>\u00bfQuieres tener tu propia obra maestra en caricatura?<\/em><\/h2>\n\n\n\n<p class=\"has-text-align-justify wp-block-paragraph\">Adquiere estas ilustraciones en l\u00e1mina de alta calidad y lleva el arte con humor a tu espacio. O puedes encargarnos tu obra favorita.<\/p>\n\n\n\n<div class=\"wp-block-buttons is-content-justification-right is-layout-flex wp-container-core-buttons-is-layout-ad4f97b6 wp-block-buttons-is-layout-flex\">\n<div class=\"wp-block-button\"><a class=\"wp-block-button__link has-base-background-color has-text-color has-background has-link-color has-medium-font-size has-custom-font-size wp-element-button\" href=\"https:\/\/woorons.com\/contacto\/\" style=\"border-width:2px;border-radius:30px;color:#2654de\" target=\"_blank\" rel=\"noreferrer noopener\">encarga tu l\u00e1mina ahora<\/a><\/div>\n<\/div>\n\n\n\n<div style=\"height:50px\" aria-hidden=\"true\" class=\"wp-block-spacer\"><\/div>\n\n\n\n<div class=\"wp-block-columns is-layout-flex wp-container-core-columns-is-layout-9ba6dbca wp-block-columns-is-layout-flex\">\n<div class=\"wp-block-column is-layout-flow wp-block-column-is-layout-flow\">\n<figure class=\"wp-block-image size-full\"><img data-recalc-dims=\"1\" loading=\"lazy\" decoding=\"async\" width=\"595\" height=\"842\" data-attachment-id=\"13152\" data-permalink=\"https:\/\/woorons.com\/nn\/portfolio\/galeria-de-arte\/rembrandt-caricatura-cartoon-caricature-woorons-oronsart-1\/\" data-orig-file=\"https:\/\/i0.wp.com\/woorons.com\/wp-content\/uploads\/2025\/09\/rembrandt-caricatura-cartoon-caricature-woorons-oronsart-1.webp?fit=595%2C842&amp;ssl=1\" data-orig-size=\"595,842\" data-comments-opened=\"1\" data-image-meta=\"{&quot;aperture&quot;:&quot;0&quot;,&quot;credit&quot;:&quot;&quot;,&quot;camera&quot;:&quot;&quot;,&quot;caption&quot;:&quot;&quot;,&quot;created_timestamp&quot;:&quot;0&quot;,&quot;copyright&quot;:&quot;&quot;,&quot;focal_length&quot;:&quot;0&quot;,&quot;iso&quot;:&quot;0&quot;,&quot;shutter_speed&quot;:&quot;0&quot;,&quot;title&quot;:&quot;&quot;,&quot;orientation&quot;:&quot;0&quot;}\" data-image-title=\"rembrandt-caricatura-cartoon-caricature-woorons-oronsart (1)\" data-image-description=\"&lt;p&gt;Caricatura de un autorretrato de Rembrandt&lt;\/p&gt;\n\" data-image-caption=\"&lt;p&gt;Caricatura de un autorretrato de Rembrandt&lt;\/p&gt;\n\" data-large-file=\"https:\/\/i0.wp.com\/woorons.com\/wp-content\/uploads\/2025\/09\/rembrandt-caricatura-cartoon-caricature-woorons-oronsart-1.webp?fit=595%2C842&amp;ssl=1\" src=\"https:\/\/i0.wp.com\/woorons.com\/wp-content\/uploads\/2025\/09\/rembrandt-caricatura-cartoon-caricature-woorons-oronsart-1.webp?resize=595%2C842&#038;ssl=1\" alt=\"&quot;Caricatura de un autorretrato de Rembrandt&quot;\" class=\"wp-image-13152\" \/><figcaption class=\"wp-element-caption\">Caricatura de un autorretrato de Rembrandt<\/figcaption><\/figure>\n<\/div>\n\n\n\n<div class=\"wp-block-column is-layout-flow wp-block-column-is-layout-flow\">\n<figure class=\"wp-block-image size-full\"><img data-recalc-dims=\"1\" loading=\"lazy\" decoding=\"async\" width=\"595\" height=\"842\" data-attachment-id=\"13151\" data-permalink=\"https:\/\/woorons.com\/nn\/portfolio\/galeria-de-arte\/la-joven-de-la-perla-caricatura-cartoon-caricature-woorons-oronsart-1\/\" data-orig-file=\"https:\/\/i0.wp.com\/woorons.com\/wp-content\/uploads\/2025\/09\/la-joven-de-la-perla-caricatura-cartoon-caricature-woorons-oronsart-1.webp?fit=595%2C842&amp;ssl=1\" data-orig-size=\"595,842\" data-comments-opened=\"1\" data-image-meta=\"{&quot;aperture&quot;:&quot;0&quot;,&quot;credit&quot;:&quot;&quot;,&quot;camera&quot;:&quot;&quot;,&quot;caption&quot;:&quot;&quot;,&quot;created_timestamp&quot;:&quot;0&quot;,&quot;copyright&quot;:&quot;&quot;,&quot;focal_length&quot;:&quot;0&quot;,&quot;iso&quot;:&quot;0&quot;,&quot;shutter_speed&quot;:&quot;0&quot;,&quot;title&quot;:&quot;&quot;,&quot;orientation&quot;:&quot;0&quot;}\" data-image-title=\"la-joven-de-la-perla-caricatura-cartoon-caricature-woorons-oronsart (1)\" data-image-description=\"&lt;p&gt;Caricatura de La Joven de la Perla obra de Johannes Vermeer&lt;\/p&gt;\n\" data-image-caption=\"&lt;p&gt;Caricatura de La Joven de la Perla obra de Johannes Vermeer&lt;\/p&gt;\n\" data-large-file=\"https:\/\/i0.wp.com\/woorons.com\/wp-content\/uploads\/2025\/09\/la-joven-de-la-perla-caricatura-cartoon-caricature-woorons-oronsart-1.webp?fit=595%2C842&amp;ssl=1\" src=\"https:\/\/i0.wp.com\/woorons.com\/wp-content\/uploads\/2025\/09\/la-joven-de-la-perla-caricatura-cartoon-caricature-woorons-oronsart-1.webp?resize=595%2C842&#038;ssl=1\" alt=\"&quot;Caricatura de La Joven de la Perla obra de Johannes Vermeer&quot;\" class=\"wp-image-13151\" \/><figcaption class=\"wp-element-caption\">Caricatura de La Joven de la Perla obra de Johannes Vermeer<\/figcaption><\/figure>\n<\/div>\n\n\n\n<div class=\"wp-block-column is-layout-flow wp-block-column-is-layout-flow\">\n<figure class=\"wp-block-image size-full\"><img data-recalc-dims=\"1\" loading=\"lazy\" decoding=\"async\" width=\"595\" height=\"842\" data-attachment-id=\"13153\" data-permalink=\"https:\/\/woorons.com\/nn\/portfolio\/galeria-de-arte\/vincent-van-gogh-caricatura-cartoon-caricature-woorons-oronsart-2\/\" data-orig-file=\"https:\/\/i0.wp.com\/woorons.com\/wp-content\/uploads\/2025\/09\/vincent-van-gogh-caricatura-cartoon-caricature-woorons-oronsart.webp?fit=595%2C842&amp;ssl=1\" data-orig-size=\"595,842\" data-comments-opened=\"1\" data-image-meta=\"{&quot;aperture&quot;:&quot;0&quot;,&quot;credit&quot;:&quot;&quot;,&quot;camera&quot;:&quot;&quot;,&quot;caption&quot;:&quot;&quot;,&quot;created_timestamp&quot;:&quot;0&quot;,&quot;copyright&quot;:&quot;&quot;,&quot;focal_length&quot;:&quot;0&quot;,&quot;iso&quot;:&quot;0&quot;,&quot;shutter_speed&quot;:&quot;0&quot;,&quot;title&quot;:&quot;&quot;,&quot;orientation&quot;:&quot;0&quot;}\" data-image-title=\"vincent-van-gogh-caricatura-cartoon-caricature-woorons-oronsart\" data-image-description=\"&lt;p&gt;Caricatura de un autorretrato Vincent van Gogh&lt;\/p&gt;\n\" data-image-caption=\"&lt;p&gt;Caricatura de un autorretrato Vincent van Gogh&lt;\/p&gt;\n\" data-large-file=\"https:\/\/i0.wp.com\/woorons.com\/wp-content\/uploads\/2025\/09\/vincent-van-gogh-caricatura-cartoon-caricature-woorons-oronsart.webp?fit=595%2C842&amp;ssl=1\" src=\"https:\/\/i0.wp.com\/woorons.com\/wp-content\/uploads\/2025\/09\/vincent-van-gogh-caricatura-cartoon-caricature-woorons-oronsart.webp?resize=595%2C842&#038;ssl=1\" alt=\"&quot;Caricatura de un autorretrato de Vincent van Gogh&quot;\" class=\"wp-image-13153\" \/><figcaption class=\"wp-element-caption\">Caricatura de un autorretrato Vincent van Gogh<\/figcaption><\/figure>\n<\/div>\n<\/div>\n\n\n\n<div style=\"height:20px\" aria-hidden=\"true\" class=\"wp-block-spacer\"><\/div>\n\n\n\n<p class=\"has-text-align-justify wp-block-paragraph\">Ponte en contacto, env\u00edanos tu mensaje:<\/p>\n\n\n<div class=\"wp-block-jetpack-contact-form is-layout-flex wp-container-jetpack-contact-form-is-layout-3a5c7fc0 wp-block-jetpack-contact-form-is-layout-flex\"><a href=\"https:\/\/woorons.com\/nn\/portfolio\/galeria-de-arte\/\" target=\"_blank\" rel=\"noopener noreferrer\">Submit a form.<\/a><\/div>\n\n\n\n\n<div style=\"height:100px\" aria-hidden=\"true\" class=\"wp-block-spacer\"><\/div>\n","protected":false},"excerpt":{"rendered":"<p>Explora nuestra galer\u00eda de arte en caricatura con obras maestras del dibujo y la pintura reinterpretadas con humor e ilustraci\u00f3n creativa. Una colecci\u00f3n \u00fanica para amantes del arte y la ilustraci\u00f3n.<\/p>\n","protected":false},"author":21194217,"featured_media":13151,"comment_status":"open","ping_status":"closed","template":"","format":"standard","meta":{"_coblocks_attr":"","_coblocks_dimensions":"","_coblocks_responsive_height":"","_coblocks_accordion_ie_support":"","footnotes":"","jetpack_publicize_message":"","jetpack_publicize_feature_enabled":true,"jetpack_social_post_already_shared":false,"jetpack_social_options":{"image_generator_settings":{"template":"highway","default_image_id":0,"font":"","enabled":false},"version":2}},"jetpack-portfolio-type":[12989777],"jetpack-portfolio-tag":[177,251056,784191978,375300062,784191977,784191976,784191975,49433,20587,789851948,789851950,7831,784191979,24794,3263,789851973,784191974,4051458,11420,789851952,356567,216155],"class_list":["post-12915","jetpack-portfolio","type-jetpack-portfolio","status-publish","format-standard","has-post-thumbnail","hentry","jetpack-portfolio-type-dibujo-ilustracion","jetpack-portfolio-tag-art","jetpack-portfolio-tag-art-gallery","jetpack-portfolio-tag-arte-clasico-reinterpretado","jetpack-portfolio-tag-caricaturas-de-arte","jetpack-portfolio-tag-caricaturas-de-cuadros-famosos","jetpack-portfolio-tag-caricaturas-de-obras-maestras","jetpack-portfolio-tag-caricaturas-de-pinturas-famosas","jetpack-portfolio-tag-caricature","jetpack-portfolio-tag-cartoon","jetpack-portfolio-tag-dibujos","jetpack-portfolio-tag-digital","jetpack-portfolio-tag-drawing","jetpack-portfolio-tag-galeria-de-caricaturas-artisticas","jetpack-portfolio-tag-galeria","jetpack-portfolio-tag-gallery","jetpack-portfolio-tag-historia-del-arte","jetpack-portfolio-tag-ilustraciones-en-caricatura","jetpack-portfolio-tag-johannes-vermeer","jetpack-portfolio-tag-painting","jetpack-portfolio-tag-pintura","jetpack-portfolio-tag-rembrandt","jetpack-portfolio-tag-vincent-van-gogh"],"yoast_head":"<!-- This site is optimized with the Yoast SEO plugin v28.4 - https:\/\/yoast.com\/product\/yoast-seo-wordpress\/ -->\n<title>GALER\u00cdA DE ARTE - WO Orons Art<\/title>\n<meta name=\"robots\" content=\"index, follow, max-snippet:-1, max-image-preview:large, max-video-preview:-1\" \/>\n<link rel=\"canonical\" href=\"https:\/\/woorons.com\/nn\/portfolio\/galeria-de-arte\/\" \/>\n<meta property=\"og:locale\" content=\"nn_NO\" \/>\n<meta property=\"og:type\" content=\"article\" \/>\n<meta property=\"og:title\" content=\"GALER\u00cdA DE ARTE - WO Orons Art\" \/>\n<meta property=\"og:description\" content=\"Explora nuestra galer\u00eda de arte en caricatura con obras maestras del dibujo y la pintura reinterpretadas con humor e ilustraci\u00f3n creativa. Una colecci\u00f3n \u00fanica para amantes del arte y la ilustraci\u00f3n.\" \/>\n<meta property=\"og:url\" content=\"https:\/\/woorons.com\/nn\/portfolio\/galeria-de-arte\/\" \/>\n<meta property=\"og:site_name\" content=\"WO Orons Art\" \/>\n<meta property=\"article:modified_time\" content=\"2025-09-18T07:01:08+00:00\" \/>\n<meta property=\"og:image\" content=\"https:\/\/i0.wp.com\/woorons.com\/wp-content\/uploads\/2025\/09\/la-joven-de-la-perla-caricatura-cartoon-caricature-woorons-oronsart-1.webp?fit=595%2C842&ssl=1\" \/>\n\t<meta property=\"og:image:width\" content=\"595\" \/>\n\t<meta property=\"og:image:height\" content=\"842\" \/>\n\t<meta property=\"og:image:type\" content=\"image\/webp\" \/>\n<meta name=\"twitter:card\" content=\"summary_large_image\" \/>\n<meta name=\"twitter:label1\" content=\"Est. reading time\" \/>\n\t<meta name=\"twitter:data1\" content=\"1 minutt\" \/>\n<script type=\"application\/ld+json\" class=\"yoast-schema-graph\">{\"@context\":\"https:\\\/\\\/schema.org\",\"@graph\":[{\"@type\":\"WebPage\",\"@id\":\"https:\\\/\\\/woorons.com\\\/portfolio\\\/galeria-de-arte\\\/\",\"url\":\"https:\\\/\\\/woorons.com\\\/portfolio\\\/galeria-de-arte\\\/\",\"name\":\"GALER\u00cdA DE ARTE - WO Orons Art\",\"isPartOf\":{\"@id\":\"https:\\\/\\\/woorons.com\\\/#website\"},\"primaryImageOfPage\":{\"@id\":\"https:\\\/\\\/woorons.com\\\/portfolio\\\/galeria-de-arte\\\/#primaryimage\"},\"image\":{\"@id\":\"https:\\\/\\\/woorons.com\\\/portfolio\\\/galeria-de-arte\\\/#primaryimage\"},\"thumbnailUrl\":\"https:\\\/\\\/i0.wp.com\\\/woorons.com\\\/wp-content\\\/uploads\\\/2025\\\/09\\\/la-joven-de-la-perla-caricatura-cartoon-caricature-woorons-oronsart-1.webp?fit=595%2C842&ssl=1\",\"datePublished\":\"2025-09-08T08:06:15+00:00\",\"dateModified\":\"2025-09-18T07:01:08+00:00\",\"breadcrumb\":{\"@id\":\"https:\\\/\\\/woorons.com\\\/portfolio\\\/galeria-de-arte\\\/#breadcrumb\"},\"inLanguage\":\"nn-NO\",\"potentialAction\":[{\"@type\":\"ReadAction\",\"target\":[\"https:\\\/\\\/woorons.com\\\/portfolio\\\/galeria-de-arte\\\/\"]}]},{\"@type\":\"ImageObject\",\"inLanguage\":\"nn-NO\",\"@id\":\"https:\\\/\\\/woorons.com\\\/portfolio\\\/galeria-de-arte\\\/#primaryimage\",\"url\":\"https:\\\/\\\/i0.wp.com\\\/woorons.com\\\/wp-content\\\/uploads\\\/2025\\\/09\\\/la-joven-de-la-perla-caricatura-cartoon-caricature-woorons-oronsart-1.webp?fit=595%2C842&ssl=1\",\"contentUrl\":\"https:\\\/\\\/i0.wp.com\\\/woorons.com\\\/wp-content\\\/uploads\\\/2025\\\/09\\\/la-joven-de-la-perla-caricatura-cartoon-caricature-woorons-oronsart-1.webp?fit=595%2C842&ssl=1\",\"width\":595,\"height\":842,\"caption\":\"Caricatura de La Joven de la Perla obra de Johannes Vermeer\"},{\"@type\":\"BreadcrumbList\",\"@id\":\"https:\\\/\\\/woorons.com\\\/portfolio\\\/galeria-de-arte\\\/#breadcrumb\",\"itemListElement\":[{\"@type\":\"ListItem\",\"position\":1,\"name\":\"Portada\",\"item\":\"https:\\\/\\\/woorons.com\\\/\"},{\"@type\":\"ListItem\",\"position\":2,\"name\":\"Proyectos\",\"item\":\"https:\\\/\\\/woorons.com\\\/portfolio\\\/\"},{\"@type\":\"ListItem\",\"position\":3,\"name\":\"GALER\u00cdA DE ARTE\"}]},{\"@type\":\"WebSite\",\"@id\":\"https:\\\/\\\/woorons.com\\\/#website\",\"url\":\"https:\\\/\\\/woorons.com\\\/\",\"name\":\"WO Orons Art\",\"description\":\"&quot;Caricaturas, Retratos, Fan Art, Ilustraci\u00f3n&quot;\",\"publisher\":{\"@id\":\"https:\\\/\\\/woorons.com\\\/#\\\/schema\\\/person\\\/85b4229ce0694a31b5f128dc047161e8\"},\"potentialAction\":[{\"@type\":\"SearchAction\",\"target\":{\"@type\":\"EntryPoint\",\"urlTemplate\":\"https:\\\/\\\/woorons.com\\\/?s={search_term_string}\"},\"query-input\":{\"@type\":\"PropertyValueSpecification\",\"valueRequired\":true,\"valueName\":\"search_term_string\"}}],\"inLanguage\":\"nn-NO\"},{\"@type\":[\"Person\",\"Organization\"],\"@id\":\"https:\\\/\\\/woorons.com\\\/#\\\/schema\\\/person\\\/85b4229ce0694a31b5f128dc047161e8\",\"name\":\"Wo Orons\",\"image\":{\"@type\":\"ImageObject\",\"inLanguage\":\"nn-NO\",\"@id\":\"https:\\\/\\\/i0.wp.com\\\/woorons.com\\\/wp-content\\\/uploads\\\/2025\\\/03\\\/logotipo-woorons.jpg?fit=595%2C516&ssl=1\",\"url\":\"https:\\\/\\\/i0.wp.com\\\/woorons.com\\\/wp-content\\\/uploads\\\/2025\\\/03\\\/logotipo-woorons.jpg?fit=595%2C516&ssl=1\",\"contentUrl\":\"https:\\\/\\\/i0.wp.com\\\/woorons.com\\\/wp-content\\\/uploads\\\/2025\\\/03\\\/logotipo-woorons.jpg?fit=595%2C516&ssl=1\",\"width\":595,\"height\":516,\"caption\":\"Wo Orons\"},\"logo\":{\"@id\":\"https:\\\/\\\/i0.wp.com\\\/woorons.com\\\/wp-content\\\/uploads\\\/2025\\\/03\\\/logotipo-woorons.jpg?fit=595%2C516&ssl=1\"},\"sameAs\":[\"http:\\\/\\\/orons-art.wordpress.com\"]}]}<\/script>\n<!-- \/ Yoast SEO plugin. -->","yoast_head_json":{"title":"GALER\u00cdA DE ARTE - WO Orons Art","robots":{"index":"index","follow":"follow","max-snippet":"max-snippet:-1","max-image-preview":"max-image-preview:large","max-video-preview":"max-video-preview:-1"},"canonical":"https:\/\/woorons.com\/nn\/portfolio\/galeria-de-arte\/","og_locale":"nn_NO","og_type":"article","og_title":"GALER\u00cdA DE ARTE - WO Orons Art","og_description":"Explora nuestra galer\u00eda de arte en caricatura con obras maestras del dibujo y la pintura reinterpretadas con humor e ilustraci\u00f3n creativa. Una colecci\u00f3n \u00fanica para amantes del arte y la ilustraci\u00f3n.","og_url":"https:\/\/woorons.com\/nn\/portfolio\/galeria-de-arte\/","og_site_name":"WO Orons Art","article_modified_time":"2025-09-18T07:01:08+00:00","og_image":[{"width":595,"height":842,"url":"https:\/\/i0.wp.com\/woorons.com\/wp-content\/uploads\/2025\/09\/la-joven-de-la-perla-caricatura-cartoon-caricature-woorons-oronsart-1.webp?fit=595%2C842&ssl=1","type":"image\/webp"}],"twitter_card":"summary_large_image","twitter_misc":{"Est. reading time":"1 minutt"},"schema":{"@context":"https:\/\/schema.org","@graph":[{"@type":"WebPage","@id":"https:\/\/woorons.com\/portfolio\/galeria-de-arte\/","url":"https:\/\/woorons.com\/portfolio\/galeria-de-arte\/","name":"GALER\u00cdA DE ARTE - WO Orons Art","isPartOf":{"@id":"https:\/\/woorons.com\/#website"},"primaryImageOfPage":{"@id":"https:\/\/woorons.com\/portfolio\/galeria-de-arte\/#primaryimage"},"image":{"@id":"https:\/\/woorons.com\/portfolio\/galeria-de-arte\/#primaryimage"},"thumbnailUrl":"https:\/\/i0.wp.com\/woorons.com\/wp-content\/uploads\/2025\/09\/la-joven-de-la-perla-caricatura-cartoon-caricature-woorons-oronsart-1.webp?fit=595%2C842&ssl=1","datePublished":"2025-09-08T08:06:15+00:00","dateModified":"2025-09-18T07:01:08+00:00","breadcrumb":{"@id":"https:\/\/woorons.com\/portfolio\/galeria-de-arte\/#breadcrumb"},"inLanguage":"nn-NO","potentialAction":[{"@type":"ReadAction","target":["https:\/\/woorons.com\/portfolio\/galeria-de-arte\/"]}]},{"@type":"ImageObject","inLanguage":"nn-NO","@id":"https:\/\/woorons.com\/portfolio\/galeria-de-arte\/#primaryimage","url":"https:\/\/i0.wp.com\/woorons.com\/wp-content\/uploads\/2025\/09\/la-joven-de-la-perla-caricatura-cartoon-caricature-woorons-oronsart-1.webp?fit=595%2C842&ssl=1","contentUrl":"https:\/\/i0.wp.com\/woorons.com\/wp-content\/uploads\/2025\/09\/la-joven-de-la-perla-caricatura-cartoon-caricature-woorons-oronsart-1.webp?fit=595%2C842&ssl=1","width":595,"height":842,"caption":"Caricatura de La Joven de la Perla obra de Johannes Vermeer"},{"@type":"BreadcrumbList","@id":"https:\/\/woorons.com\/portfolio\/galeria-de-arte\/#breadcrumb","itemListElement":[{"@type":"ListItem","position":1,"name":"Portada","item":"https:\/\/woorons.com\/"},{"@type":"ListItem","position":2,"name":"Proyectos","item":"https:\/\/woorons.com\/portfolio\/"},{"@type":"ListItem","position":3,"name":"GALER\u00cdA DE ARTE"}]},{"@type":"WebSite","@id":"https:\/\/woorons.com\/#website","url":"https:\/\/woorons.com\/","name":"WO Orons Art","description":"&quot;Caricaturas, Retratos, Fan Art, Ilustraci\u00f3n&quot;","publisher":{"@id":"https:\/\/woorons.com\/#\/schema\/person\/85b4229ce0694a31b5f128dc047161e8"},"potentialAction":[{"@type":"SearchAction","target":{"@type":"EntryPoint","urlTemplate":"https:\/\/woorons.com\/?s={search_term_string}"},"query-input":{"@type":"PropertyValueSpecification","valueRequired":true,"valueName":"search_term_string"}}],"inLanguage":"nn-NO"},{"@type":["Person","Organization"],"@id":"https:\/\/woorons.com\/#\/schema\/person\/85b4229ce0694a31b5f128dc047161e8","name":"Wo Orons","image":{"@type":"ImageObject","inLanguage":"nn-NO","@id":"https:\/\/i0.wp.com\/woorons.com\/wp-content\/uploads\/2025\/03\/logotipo-woorons.jpg?fit=595%2C516&ssl=1","url":"https:\/\/i0.wp.com\/woorons.com\/wp-content\/uploads\/2025\/03\/logotipo-woorons.jpg?fit=595%2C516&ssl=1","contentUrl":"https:\/\/i0.wp.com\/woorons.com\/wp-content\/uploads\/2025\/03\/logotipo-woorons.jpg?fit=595%2C516&ssl=1","width":595,"height":516,"caption":"Wo Orons"},"logo":{"@id":"https:\/\/i0.wp.com\/woorons.com\/wp-content\/uploads\/2025\/03\/logotipo-woorons.jpg?fit=595%2C516&ssl=1"},"sameAs":["http:\/\/orons-art.wordpress.com"]}]}},"jetpack_publicize_connections":[],"jetpack_likes_enabled":true,"jetpack_sharing_enabled":true,"jetpack-related-posts":[],"_links":{"self":[{"href":"https:\/\/woorons.com\/nn\/wp-json\/wp\/v2\/jetpack-portfolio\/12915","targetHints":{"allow":["GET"]}}],"collection":[{"href":"https:\/\/woorons.com\/nn\/wp-json\/wp\/v2\/jetpack-portfolio"}],"about":[{"href":"https:\/\/woorons.com\/nn\/wp-json\/wp\/v2\/types\/jetpack-portfolio"}],"author":[{"embeddable":true,"href":"https:\/\/woorons.com\/nn\/wp-json\/wp\/v2\/users\/21194217"}],"replies":[{"embeddable":true,"href":"https:\/\/woorons.com\/nn\/wp-json\/wp\/v2\/comments?post=12915"}],"version-history":[{"count":19,"href":"https:\/\/woorons.com\/nn\/wp-json\/wp\/v2\/jetpack-portfolio\/12915\/revisions"}],"predecessor-version":[{"id":13167,"href":"https:\/\/woorons.com\/nn\/wp-json\/wp\/v2\/jetpack-portfolio\/12915\/revisions\/13167"}],"wp:featuredmedia":[{"embeddable":true,"href":"https:\/\/woorons.com\/nn\/wp-json\/wp\/v2\/media\/13151"}],"wp:attachment":[{"href":"https:\/\/woorons.com\/nn\/wp-json\/wp\/v2\/media?parent=12915"}],"wp:term":[{"taxonomy":"jetpack-portfolio-type","embeddable":true,"href":"https:\/\/woorons.com\/nn\/wp-json\/wp\/v2\/jetpack-portfolio-type?post=12915"},{"taxonomy":"jetpack-portfolio-tag","embeddable":true,"href":"https:\/\/woorons.com\/nn\/wp-json\/wp\/v2\/jetpack-portfolio-tag?post=12915"}],"curies":[{"name":"wp","href":"https:\/\/api.w.org\/{rel}","templated":true}]}}